{"id":8047,"date":"2022-12-20T22:05:05","date_gmt":"2022-12-20T21:05:05","guid":{"rendered":"https:\/\/bukiboek.nl\/?post_type=product&#038;p=8047"},"modified":"2026-04-26T03:22:08","modified_gmt":"2026-04-26T01:22:08","slug":"el-topo-que-queria-saber-quien-se-habia-hecho-aquello-en-su-cabeza","status":"publish","type":"product","link":"https:\/\/bukiboek.nl\/en\/product\/el-topo-que-queria-saber-quien-se-habia-hecho-aquello-en-su-cabeza\/","title":{"rendered":"El topo que quer\u00eda saber qui\u00e9n se hab\u00eda hecho aquello en su cabeza"},"content":{"rendered":"<p>El topo que quer\u00eda saber qui\u00e9n se hab\u00eda hecho aquello en su cabeza. de vrolijke klassieker van Werner Holzwarth, nu in het Spaans. Een hilarisch boek voor kinderen van alle leeftijden. Edici\u00f3n en espa\u00f1ol.<\/p>","protected":false},"excerpt":{"rendered":"<p>El topo que quer\u00eda saber qui\u00e9n se hab\u00eda hecho aquello en su cabeza. de vrolijke klassieker van Werner Holzwarth, nu in het Spaans. Een hilarisch boek voor kinderen van alle leeftijden. Edici\u00f3n en espa\u00f1ol.<\/p>","protected":false},"featured_media":8028,"comment_status":"open","ping_status":"closed","template":"","meta":{"site-sidebar-layout":"default","site-content-layout":"default","ast-site-content-layout":"default","site-content-style":"default","site-sidebar-style":"default","ast-global-header-display":"","ast-banner-title-visibility":"","ast-main-header-display":"","ast-hfb-above-header-display":"","ast-hfb-below-header-display":"","ast-hfb-mobile-header-display":"","site-post-title":"","ast-breadcrumbs-content":"","ast-featured-img":"","footer-sml-layout":"","theme-transparent-header-meta":"default","adv-header-id-meta":"","stick-header-meta":"","header-above-stick-meta":"","header-main-stick-meta":"","header-below-stick-meta":"","astra-migrate-meta-layouts":"set","ast-page-background-enabled":"default","ast-page-background-meta":{"desktop":{"background-color":"","background-image":"","background-repeat":"repeat","background-position":"center center","background-size":"auto","background-attachment":"scroll","background-type":"","background-media":"","overlay-type":"","overlay-color":"","overlay-opacity":"","overlay-gradient":""},"tablet":{"background-color":"","background-image":"","background-repeat":"repeat","background-position":"center center","background-size":"auto","background-attachment":"scroll","background-type":"","background-media":"","overlay-type":"","overlay-color":"","overlay-opacity":"","overlay-gradient":""},"mobile":{"background-color":"","background-image":"","background-repeat":"repeat","background-position":"center center","background-size":"auto","background-attachment":"scroll","background-type":"","background-media":"","overlay-type":"","overlay-color":"","overlay-opacity":"","overlay-gradient":""}},"ast-content-background-meta":{"desktop":{"background-color":"var(--ast-global-color-5)","background-image":"","background-repeat":"repeat","background-position":"center center","background-size":"auto","background-attachment":"scroll","background-type":"","background-media":"","overlay-type":"","overlay-color":"","overlay-opacity":"","overlay-gradient":""},"tablet":{"background-color":"var(--ast-global-color-5)","background-image":"","background-repeat":"repeat","background-position":"center center","background-size":"auto","background-attachment":"scroll","background-type":"","background-media":"","overlay-type":"","overlay-color":"","overlay-opacity":"","overlay-gradient":""},"mobile":{"background-color":"var(--ast-global-color-5)","background-image":"","background-repeat":"repeat","background-position":"center center","background-size":"auto","background-attachment":"scroll","background-type":"","background-media":"","overlay-type":"","overlay-color":"","overlay-opacity":"","overlay-gradient":""}}},"product_brand":[],"product_cat":[41],"product_tag":[42,43,3174],"klant-ref":[],"class_list":{"0":"post-8047","1":"product","2":"type-product","3":"status-publish","4":"has-post-thumbnail","6":"product_cat-spaanse-kinderboeken","7":"product_tag-0-tot-3-jaar","8":"product_tag-4-tot-6-jaar","9":"product_tag-avontuur","10":"desktop-align-left","11":"tablet-align-left","12":"mobile-align-left","14":"first","15":"instock","16":"taxable","17":"shipping-taxable","18":"purchasable","19":"product-type-simple"},"yoast_head":"<!-- This site is optimized with the Yoast SEO plugin v27.4 - https:\/\/yoast.com\/product\/yoast-seo-wordpress\/ -->\n<title>El topo que quer\u00eda saber qui\u00e9n se hab\u00eda hecho aquello en su cabeza - BukiBoek<\/title>\n<meta name=\"robots\" content=\"index, follow, max-snippet:-1, max-image-preview:large, max-video-preview:-1\" \/>\n<link rel=\"canonical\" href=\"https:\/\/bukiboek.nl\/en\/product\/el-topo-que-queria-saber-quien-se-habia-hecho-aquello-en-su-cabeza\/\" \/>\n<meta property=\"og:locale\" content=\"en_GB\" \/>\n<meta property=\"og:type\" content=\"article\" \/>\n<meta property=\"og:title\" content=\"El topo que quer\u00eda saber qui\u00e9n se hab\u00eda hecho aquello en su cabeza - BukiBoek\" \/>\n<meta property=\"og:description\" content=\"El topo que quer\u00eda saber qui\u00e9n se hab\u00eda hecho aquello en su cabeza. de vrolijke klassieker van Werner Holzwarth, nu in het Spaans. Een hilarisch boek voor kinderen van alle leeftijden. Edici\u00f3n en espa\u00f1ol.\" \/>\n<meta property=\"og:url\" content=\"https:\/\/bukiboek.nl\/en\/product\/el-topo-que-queria-saber-quien-se-habia-hecho-aquello-en-su-cabeza\/\" \/>\n<meta property=\"og:site_name\" content=\"BukiBoek\" \/>\n<meta property=\"article:modified_time\" content=\"2026-04-26T01:22:08+00:00\" \/>\n<meta property=\"og:image\" content=\"https:\/\/bukiboek.nl\/wp-content\/uploads\/2022\/12\/107-e1754373404907.jpg\" \/>\n\t<meta property=\"og:image:width\" content=\"943\" \/>\n\t<meta property=\"og:image:height\" content=\"673\" \/>\n\t<meta property=\"og:image:type\" content=\"image\/jpeg\" \/>\n<meta name=\"twitter:card\" content=\"summary_large_image\" \/>\n<meta name=\"twitter:label1\" content=\"Estimated reading time\" \/>\n\t<meta name=\"twitter:data1\" content=\"1 minute\" \/>\n<script type=\"application\/ld+json\" class=\"yoast-schema-graph\">{\"@context\":\"https:\\\/\\\/schema.org\",\"@graph\":[{\"@type\":\"WebPage\",\"@id\":\"https:\\\/\\\/bukiboek.nl\\\/product\\\/el-topo-que-queria-saber-quien-se-habia-hecho-aquello-en-su-cabeza\\\/\",\"url\":\"https:\\\/\\\/bukiboek.nl\\\/product\\\/el-topo-que-queria-saber-quien-se-habia-hecho-aquello-en-su-cabeza\\\/\",\"name\":\"El topo que quer\u00eda saber qui\u00e9n se hab\u00eda hecho aquello en su cabeza - BukiBoek\",\"isPartOf\":{\"@id\":\"https:\\\/\\\/bukiboek.nl\\\/en\\\/#website\"},\"primaryImageOfPage\":{\"@id\":\"https:\\\/\\\/bukiboek.nl\\\/product\\\/el-topo-que-queria-saber-quien-se-habia-hecho-aquello-en-su-cabeza\\\/#primaryimage\"},\"image\":{\"@id\":\"https:\\\/\\\/bukiboek.nl\\\/product\\\/el-topo-que-queria-saber-quien-se-habia-hecho-aquello-en-su-cabeza\\\/#primaryimage\"},\"thumbnailUrl\":\"https:\\\/\\\/bukiboek.nl\\\/wp-content\\\/uploads\\\/2022\\\/12\\\/107-e1754373404907.jpg\",\"datePublished\":\"2022-12-20T21:05:05+00:00\",\"dateModified\":\"2026-04-26T01:22:08+00:00\",\"breadcrumb\":{\"@id\":\"https:\\\/\\\/bukiboek.nl\\\/product\\\/el-topo-que-queria-saber-quien-se-habia-hecho-aquello-en-su-cabeza\\\/#breadcrumb\"},\"inLanguage\":\"en-GB\",\"potentialAction\":[{\"@type\":\"ReadAction\",\"target\":[\"https:\\\/\\\/bukiboek.nl\\\/product\\\/el-topo-que-queria-saber-quien-se-habia-hecho-aquello-en-su-cabeza\\\/\"]}]},{\"@type\":\"ImageObject\",\"inLanguage\":\"en-GB\",\"@id\":\"https:\\\/\\\/bukiboek.nl\\\/product\\\/el-topo-que-queria-saber-quien-se-habia-hecho-aquello-en-su-cabeza\\\/#primaryimage\",\"url\":\"https:\\\/\\\/bukiboek.nl\\\/wp-content\\\/uploads\\\/2022\\\/12\\\/107-e1754373404907.jpg\",\"contentUrl\":\"https:\\\/\\\/bukiboek.nl\\\/wp-content\\\/uploads\\\/2022\\\/12\\\/107-e1754373404907.jpg\",\"width\":943,\"height\":673,\"caption\":\"El topo que quer\u00eda saber qui\u00e9n se hab\u00eda hecho aquello en su cabeza\"},{\"@type\":\"BreadcrumbList\",\"@id\":\"https:\\\/\\\/bukiboek.nl\\\/product\\\/el-topo-que-queria-saber-quien-se-habia-hecho-aquello-en-su-cabeza\\\/#breadcrumb\",\"itemListElement\":[{\"@type\":\"ListItem\",\"position\":1,\"name\":\"Home\",\"item\":\"https:\\\/\\\/bukiboek.nl\\\/\"},{\"@type\":\"ListItem\",\"position\":2,\"name\":\"El topo que quer\u00eda saber qui\u00e9n se hab\u00eda hecho aquello en su cabeza\"}]},{\"@type\":\"WebSite\",\"@id\":\"https:\\\/\\\/bukiboek.nl\\\/en\\\/#website\",\"url\":\"https:\\\/\\\/bukiboek.nl\\\/en\\\/\",\"name\":\"BukiBoek\",\"description\":\"Kinderboeken in verschillende talen\",\"publisher\":{\"@id\":\"https:\\\/\\\/bukiboek.nl\\\/en\\\/#organization\"},\"potentialAction\":[{\"@type\":\"SearchAction\",\"target\":{\"@type\":\"EntryPoint\",\"urlTemplate\":\"https:\\\/\\\/bukiboek.nl\\\/en\\\/?s={search_term_string}\"},\"query-input\":{\"@type\":\"PropertyValueSpecification\",\"valueRequired\":true,\"valueName\":\"search_term_string\"}}],\"inLanguage\":\"en-GB\"},{\"@type\":\"Organization\",\"@id\":\"https:\\\/\\\/bukiboek.nl\\\/en\\\/#organization\",\"name\":\"BukiBoek\",\"url\":\"https:\\\/\\\/bukiboek.nl\\\/en\\\/\",\"logo\":{\"@type\":\"ImageObject\",\"inLanguage\":\"en-GB\",\"@id\":\"https:\\\/\\\/bukiboek.nl\\\/en\\\/#\\\/schema\\\/logo\\\/image\\\/\",\"url\":\"https:\\\/\\\/bukiboek.nl\\\/wp-content\\\/uploads\\\/2023\\\/01\\\/cropped-cropped-Transparent-Logo-1-e1675407711486.png\",\"contentUrl\":\"https:\\\/\\\/bukiboek.nl\\\/wp-content\\\/uploads\\\/2023\\\/01\\\/cropped-cropped-Transparent-Logo-1-e1675407711486.png\",\"width\":600,\"height\":662,\"caption\":\"BukiBoek\"},\"image\":{\"@id\":\"https:\\\/\\\/bukiboek.nl\\\/en\\\/#\\\/schema\\\/logo\\\/image\\\/\"},\"sameAs\":[\"https:\\\/\\\/www.linkedin.com\\\/company\\\/74944248\\\/\"]}]}<\/script>\n<!-- \/ Yoast SEO plugin. -->","yoast_head_json":{"title":"El topo que quer\u00eda saber qui\u00e9n se hab\u00eda hecho aquello en su cabeza - BukiBoek","robots":{"index":"index","follow":"follow","max-snippet":"max-snippet:-1","max-image-preview":"max-image-preview:large","max-video-preview":"max-video-preview:-1"},"canonical":"https:\/\/bukiboek.nl\/en\/product\/el-topo-que-queria-saber-quien-se-habia-hecho-aquello-en-su-cabeza\/","og_locale":"en_GB","og_type":"article","og_title":"El topo que quer\u00eda saber qui\u00e9n se hab\u00eda hecho aquello en su cabeza - BukiBoek","og_description":"El topo que quer\u00eda saber qui\u00e9n se hab\u00eda hecho aquello en su cabeza. de vrolijke klassieker van Werner Holzwarth, nu in het Spaans. Een hilarisch boek voor kinderen van alle leeftijden. Edici\u00f3n en espa\u00f1ol.","og_url":"https:\/\/bukiboek.nl\/en\/product\/el-topo-que-queria-saber-quien-se-habia-hecho-aquello-en-su-cabeza\/","og_site_name":"BukiBoek","article_modified_time":"2026-04-26T01:22:08+00:00","og_image":[{"width":943,"height":673,"url":"https:\/\/bukiboek.nl\/wp-content\/uploads\/2022\/12\/107-e1754373404907.jpg","type":"image\/jpeg"}],"twitter_card":"summary_large_image","twitter_misc":{"Estimated reading time":"1 minute"},"schema":{"@context":"https:\/\/schema.org","@graph":[{"@type":"WebPage","@id":"https:\/\/bukiboek.nl\/product\/el-topo-que-queria-saber-quien-se-habia-hecho-aquello-en-su-cabeza\/","url":"https:\/\/bukiboek.nl\/product\/el-topo-que-queria-saber-quien-se-habia-hecho-aquello-en-su-cabeza\/","name":"El topo que quer\u00eda saber qui\u00e9n se hab\u00eda hecho aquello en su cabeza - BukiBoek","isPartOf":{"@id":"https:\/\/bukiboek.nl\/en\/#website"},"primaryImageOfPage":{"@id":"https:\/\/bukiboek.nl\/product\/el-topo-que-queria-saber-quien-se-habia-hecho-aquello-en-su-cabeza\/#primaryimage"},"image":{"@id":"https:\/\/bukiboek.nl\/product\/el-topo-que-queria-saber-quien-se-habia-hecho-aquello-en-su-cabeza\/#primaryimage"},"thumbnailUrl":"https:\/\/bukiboek.nl\/wp-content\/uploads\/2022\/12\/107-e1754373404907.jpg","datePublished":"2022-12-20T21:05:05+00:00","dateModified":"2026-04-26T01:22:08+00:00","breadcrumb":{"@id":"https:\/\/bukiboek.nl\/product\/el-topo-que-queria-saber-quien-se-habia-hecho-aquello-en-su-cabeza\/#breadcrumb"},"inLanguage":"en-GB","potentialAction":[{"@type":"ReadAction","target":["https:\/\/bukiboek.nl\/product\/el-topo-que-queria-saber-quien-se-habia-hecho-aquello-en-su-cabeza\/"]}]},{"@type":"ImageObject","inLanguage":"en-GB","@id":"https:\/\/bukiboek.nl\/product\/el-topo-que-queria-saber-quien-se-habia-hecho-aquello-en-su-cabeza\/#primaryimage","url":"https:\/\/bukiboek.nl\/wp-content\/uploads\/2022\/12\/107-e1754373404907.jpg","contentUrl":"https:\/\/bukiboek.nl\/wp-content\/uploads\/2022\/12\/107-e1754373404907.jpg","width":943,"height":673,"caption":"El topo que quer\u00eda saber qui\u00e9n se hab\u00eda hecho aquello en su cabeza"},{"@type":"BreadcrumbList","@id":"https:\/\/bukiboek.nl\/product\/el-topo-que-queria-saber-quien-se-habia-hecho-aquello-en-su-cabeza\/#breadcrumb","itemListElement":[{"@type":"ListItem","position":1,"name":"Home","item":"https:\/\/bukiboek.nl\/"},{"@type":"ListItem","position":2,"name":"El topo que quer\u00eda saber qui\u00e9n se hab\u00eda hecho aquello en su cabeza"}]},{"@type":"WebSite","@id":"https:\/\/bukiboek.nl\/en\/#website","url":"https:\/\/bukiboek.nl\/en\/","name":"BukiBook","description":"Children&#039;s books in different languages","publisher":{"@id":"https:\/\/bukiboek.nl\/en\/#organization"},"potentialAction":[{"@type":"SearchAction","target":{"@type":"EntryPoint","urlTemplate":"https:\/\/bukiboek.nl\/en\/?s={search_term_string}"},"query-input":{"@type":"PropertyValueSpecification","valueRequired":true,"valueName":"search_term_string"}}],"inLanguage":"en-GB"},{"@type":"Organization","@id":"https:\/\/bukiboek.nl\/en\/#organization","name":"BukiBook","url":"https:\/\/bukiboek.nl\/en\/","logo":{"@type":"ImageObject","inLanguage":"en-GB","@id":"https:\/\/bukiboek.nl\/en\/#\/schema\/logo\/image\/","url":"https:\/\/bukiboek.nl\/wp-content\/uploads\/2023\/01\/cropped-cropped-Transparent-Logo-1-e1675407711486.png","contentUrl":"https:\/\/bukiboek.nl\/wp-content\/uploads\/2023\/01\/cropped-cropped-Transparent-Logo-1-e1675407711486.png","width":600,"height":662,"caption":"BukiBoek"},"image":{"@id":"https:\/\/bukiboek.nl\/en\/#\/schema\/logo\/image\/"},"sameAs":["https:\/\/www.linkedin.com\/company\/74944248\/"]}]}},"_links":{"self":[{"href":"https:\/\/bukiboek.nl\/en\/wp-json\/wp\/v2\/product\/8047","targetHints":{"allow":["GET"]}}],"collection":[{"href":"https:\/\/bukiboek.nl\/en\/wp-json\/wp\/v2\/product"}],"about":[{"href":"https:\/\/bukiboek.nl\/en\/wp-json\/wp\/v2\/types\/product"}],"replies":[{"embeddable":true,"href":"https:\/\/bukiboek.nl\/en\/wp-json\/wp\/v2\/comments?post=8047"}],"wp:featuredmedia":[{"embeddable":true,"href":"https:\/\/bukiboek.nl\/en\/wp-json\/wp\/v2\/media\/8028"}],"wp:attachment":[{"href":"https:\/\/bukiboek.nl\/en\/wp-json\/wp\/v2\/media?parent=8047"}],"wp:term":[{"taxonomy":"product_brand","embeddable":true,"href":"https:\/\/bukiboek.nl\/en\/wp-json\/wp\/v2\/product_brand?post=8047"},{"taxonomy":"product_cat","embeddable":true,"href":"https:\/\/bukiboek.nl\/en\/wp-json\/wp\/v2\/product_cat?post=8047"},{"taxonomy":"product_tag","embeddable":true,"href":"https:\/\/bukiboek.nl\/en\/wp-json\/wp\/v2\/product_tag?post=8047"},{"taxonomy":"klant-ref","embeddable":true,"href":"https:\/\/bukiboek.nl\/en\/wp-json\/wp\/v2\/klant-ref?post=8047"}],"curies":[{"name":"wp","href":"https:\/\/api.w.org\/{rel}","templated":true}]}}